{"id":449,"date":"2019-01-29T17:50:30","date_gmt":"2019-01-29T17:50:30","guid":{"rendered":"https:\/\/weber-legal.ch\/?page_id=449"},"modified":"2024-12-27T15:53:43","modified_gmt":"2024-12-27T15:53:43","slug":"ra-giovanni-celio-2","status":"publish","type":"page","link":"https:\/\/weber-legal.ch\/index.php\/ra-giovanni-celio-2\/","title":{"rendered":"RA Giovanni Celio"},"content":{"rendered":"\n<p>of Counsel<\/p>\n\n\n<p><img loading=\"lazy\" decoding=\"async\" class=\"alignnone size-full wp-image-458\" src=\"https:\/\/weber-legal.ch\/wp-content\/uploads\/2019\/02\/Giovanni01-1.jpg\" alt=\"\" width=\"1400\" height=\"814\" srcset=\"https:\/\/weber-legal.ch\/wp-content\/uploads\/2019\/02\/Giovanni01-1.jpg 1400w, https:\/\/weber-legal.ch\/wp-content\/uploads\/2019\/02\/Giovanni01-1-300x174.jpg 300w, https:\/\/weber-legal.ch\/wp-content\/uploads\/2019\/02\/Giovanni01-1-768x447.jpg 768w, https:\/\/weber-legal.ch\/wp-content\/uploads\/2019\/02\/Giovanni01-1-1024x595.jpg 1024w, https:\/\/weber-legal.ch\/wp-content\/uploads\/2019\/02\/Giovanni01-1-1200x698.jpg 1200w\" sizes=\"auto, (max-width: 709px) 85vw, (max-width: 909px) 67vw, (max-width: 1362px) 62vw, 840px\" \/><\/p>\n<p><a href=\"mailto:g.celio@weber-legal.ch\"><strong><span class=\"ff4 fc4 fs10 \">kontakt\u00a0via Email<\/span><\/strong><\/a><\/p>\n<p class=\"imAlign_left\"><span class=\"ff3 fc3 fs10 fb \"><strong>Ausbildung<\/strong>\u00a0<\/span><\/p>\n<ul class=\"imBullet\">\n<li class=\"imAlign_left\">Lizenziat, lic. iur. Universit\u00e4t Genf (1985)<\/li>\n<li class=\"imAlign_left\">Zugelassen als Rechtsanwalt seit (1988)<\/li>\n<\/ul>\n<p class=\"imAlign_left\"><span class=\"ff3 fc3 fs10 fb \"><strong>Berufliche T\u00e4tigkeit<\/strong>\u00a0<\/span><\/p>\n<ul class=\"imBullet\">\n<li class=\"imAlign_left\">\u00a0Pr\u00e4tor (Einzelrichter) Bezirk Riviera (Amtsgericht) (1987\u20132011)<\/li>\n<li class=\"imAlign_left\">Einzelrichter am Strafgericht Bellinzona (2003\u20132011)<\/li>\n<li class=\"imAlign_left\">Oberrichter am Appellationsgericht des Kantons Tessin (2011\u20132019)<\/li>\n<li class=\"imAlign_left\">Oberrichter: I. und III. Zivilkammer (2011\u20132012)<\/li>\n<li class=\"imAlign_left\">Oberrichter: Appellations- und Revisionsstrafgericht und III. Zivilkammer (2013\u20132019)<\/li>\n<\/ul>\n<p><strong>Nebent\u00e4tigkeiten als Einzelrichter (Zust\u00e4ndigkeitshalber bis 2002)<\/strong><\/p>\n<ul class=\"imBullet\">\n<li class=\"imAlign_left\">Verantwortlicher des Handelsregister (Bezirk Riviera 1987\u20132002)<\/li>\n<li class=\"imAlign_left\">Verantwortlicher des Betreibungs- und Konkursamtes ( Bezirk Riviera 1987\u20132002)<\/li>\n<li class=\"imAlign_left\">Vorsitzender I. Instanz Bewilligungsamt f\u00fcr Erwerb von Grundst\u00fccken durch Personen im Ausland (Bezirk Riviera 1987\u20132002)<\/li>\n<\/ul>\n<p><strong>Andere T\u00e4tigkeiten<\/strong><\/p>\n<ul>\n<li class=\"imAlign_left\">Pr\u00e4sident Aufsichtsbeh\u00f6rde \u00fcber Treuh\u00e4nder (1994\u20132008)<\/li>\n<li class=\"imAlign_left\">Pr\u00e4sident kantonaler Rekursamt i.S. Erwerb von Grundst\u00fccken durch Persone im Ausland (1996-2003)<\/li>\n<li class=\"imAlign_left\">Pr\u00e4sident der unabh\u00e4ngigen Rekurskommission der Universit\u00e4t der Italienischen Schweiz (USI) und der Beruflichen Universit\u00e4ttschule der Italienischen Schweiz (SUPSI) (2012\u20132013)<\/li>\n<\/ul>\n<p><strong>Mitgliedschaften<\/strong><\/p>\n<ul>\n<li>Mitglied des Schweizerischen Anwaltsverbandes (SAV)<\/li>\n<li>Mitglied des Tessiner Anwaltsverbandes (OATI)<\/li>\n<li>Eingetragen im Anwaltsregister des Kantons Tessin<\/li>\n<\/ul>\n<p><strong><span class=\"ff3 fc3 fs10 fb \">Sprachen<br \/>\n<\/span><\/strong><span class=\"ff3 fc3 fs10 fb \">Italienisch, Franz\u00f6sisch, Deutsch, Englisch<\/span><\/p>\n<p><strong>Bevorzugte Arbeitsgebiete<\/strong><\/p>\n<ul>\n<li>Zivilrecht (Familienrecht, Scheidungsrecht, Kindes und Erwachsenenschutz)<\/li>\n<li>Erbrecht und Nachlassrecht<\/li>\n<li>Sachenrecht<\/li>\n<li>Obligationenrecht (Haftpflichtrecht, Vertragsrecht, Arbeitsrecht, Handelsrecht)<\/li>\n<li>Schuldbetreibungs und Konkursrecht<\/li>\n<li>Strafrecht<\/li>\n<\/ul>","protected":false},"excerpt":{"rendered":"<p>of Counsel kontakt\u00a0via Email Ausbildung\u00a0 Lizenziat, lic. iur. Universit\u00e4t Genf (1985) Zugelassen als Rechtsanwalt seit (1988) Berufliche T\u00e4tigkeit\u00a0 \u00a0Pr\u00e4tor (Einzelrichter) Bezirk Riviera (Amtsgericht) (1987\u20132011) Einzelrichter am Strafgericht Bellinzona (2003\u20132011) Oberrichter am Appellationsgericht des Kantons Tessin (2011\u20132019) Oberrichter: I. und III. Zivilkammer (2011\u20132012) Oberrichter: Appellations- und Revisionsstrafgericht und III. Zivilkammer (2013\u20132019) Nebent\u00e4tigkeiten als Einzelrichter (Zust\u00e4ndigkeitshalber bis &hellip; <a href=\"https:\/\/weber-legal.ch\/index.php\/ra-giovanni-celio-2\/\" class=\"more-link\">Continue reading<span class=\"screen-reader-text\"> &#8220;RA Giovanni Celio&#8221;<\/span><\/a><\/p>\n","protected":false},"author":1,"featured_media":0,"parent":0,"menu_order":0,"comment_status":"closed","ping_status":"closed","template":"","meta":{"footnotes":""},"class_list":["post-449","page","type-page","status-publish","hentry"],"_links":{"self":[{"href":"https:\/\/weber-legal.ch\/index.php\/wp-json\/wp\/v2\/pages\/449","targetHints":{"allow":["GET"]}}],"collection":[{"href":"https:\/\/weber-legal.ch\/index.php\/wp-json\/wp\/v2\/pages"}],"about":[{"href":"https:\/\/weber-legal.ch\/index.php\/wp-json\/wp\/v2\/types\/page"}],"author":[{"embeddable":true,"href":"https:\/\/weber-legal.ch\/index.php\/wp-json\/wp\/v2\/users\/1"}],"replies":[{"embeddable":true,"href":"https:\/\/weber-legal.ch\/index.php\/wp-json\/wp\/v2\/comments?post=449"}],"version-history":[{"count":3,"href":"https:\/\/weber-legal.ch\/index.php\/wp-json\/wp\/v2\/pages\/449\/revisions"}],"predecessor-version":[{"id":493,"href":"https:\/\/weber-legal.ch\/index.php\/wp-json\/wp\/v2\/pages\/449\/revisions\/493"}],"wp:attachment":[{"href":"https:\/\/weber-legal.ch\/index.php\/wp-json\/wp\/v2\/media?parent=449"}],"curies":[{"name":"wp","href":"https:\/\/api.w.org\/{rel}","templated":true}]}}